{"id":16438,"date":"2017-10-02T14:55:47","date_gmt":"2017-10-02T12:55:47","guid":{"rendered":"https:\/\/www.giemme.net\/oscuranti\/"},"modified":"2024-11-13T09:19:11","modified_gmt":"2024-11-13T08:19:11","slug":"persianas-y-contraventanas","status":"publish","type":"page","link":"https:\/\/www.giemme.net\/es\/portfolio\/persianas-y-contraventanas\/","title":{"rendered":"Persianas y contraventanas"},"content":{"rendered":"<p>[vc_row][vc_column][rev_slider_vc alias=\u00bboscuranti\u00bb][\/vc_column][\/vc_row][vc_row content_width=\u00bbgrid\u00bb content_aligment=\u00bbcenter\u00bb css=\u00bb.vc_custom_1505391751168{padding-top: 104px !important;padding-bottom: 69px !important;}\u00bb][vc_column][vc_column_text]<\/p>\n<h2>Persianas y contraventanas<\/h2>\n<p>[\/vc_column_text][vc_empty_space height=\u00bb15px\u00bb]\n<p class=\"edgtf-section-subtitle vc_custom_1731485950353\" style=\"text-align:center\">\n\tLa l\u00ednea de persianas y contraventanas de Giemme incluye no solo Persianas y Contraventanas de Madera, Aluminio y PVC, sino tambi\u00e9n P\u00e9rgolas Bioclim\u00e1ticas y Toldos. Adem\u00e1s, nuestra gama ofrece persianas enrollables tradicionales, orientables y black out.<\/p><div class=\"edgtf-separator-holder clearfix  edgtf-separator-center\">\n\t<div class=\"edgtf-separator\" style=\"border-color: #129048;border-style: solid;width: 50px;border-bottom-width: 1px;margin-top: 16px;margin-bottom: 16px\"><\/div>\n<\/div>\n[vc_empty_space]<div class = \"edgtf-portfolio-list-holder-outer edgtf-ptf-standard edgtf-ptf-three-columns edgtf-ptf-load-more edgtf-ptf-has-filter edgtf-hover-outline\" data-next-page=\"2\" data-type=\"standard\" data-columns=\"3\" data-grid-size=\"three\" data-order-by=\"date\" data-order=\"ASC\" data-number=\"-1\" data-image-size=\"square\" data-filter=\"yes\" data-filter-order-by=\"name\" data-category=\"Oscuranti\" data-show-load-more=\"yes\" data-title-tag=\"h4\" data-max-num-pages = 0><div class=\"edgtf-portfolio-filter-holder \">\n    <div class=\"edgtf-portfolio-filter-holder-inner\">\n                        \t<h6 class=\"edgtf-filter-heading\">Filter:<\/h6>\n            <ul class=\"edgtf-portfolio-filter-parent-categories clearfix\"\n                data-class=\"filter_1675924581\">\n                                <li class=\"edgtf-all-filter filter edgtf-parent-filter filter_1675924581\" data-filter=\"all\"><h6>All<\/h6><\/li>\n                                                            <li class=\"edgtf-parent-filter filter_1675924581\"\n                            data-filter=\".portfolio_category_666\"\n                            data-class=\"filter_1675924581\"\n                            data-group-id=\"666\"><h6>Contraventanas<\/h6>\n                        <\/li>\n                                                                <li class=\"edgtf-parent-filter filter_1675924581\"\n                            data-filter=\".portfolio_category_668\"\n                            data-class=\"filter_1675924581\"\n                            data-group-id=\"668\"><h6>Enrollables<\/h6>\n                        <\/li>\n                                                                <li class=\"edgtf-parent-filter filter_1675924581\"\n                            data-filter=\".portfolio_category_667\"\n                            data-class=\"filter_1675924581\"\n                            data-group-id=\"667\"><h6>Persianas<\/h6>\n                        <\/li>\n                                <\/ul>\n        \n            <\/div>\n<\/div><div class = \"edgtf-portfolio-list-holder clearfix\" >\n<article class=\"edgtf-portfolio-item mix portfolio_category_665 portfolio_category_668\">\n\t<div class = \"edgtf-item-image-holder\">\n\t\t<a href=\"https:\/\/www.giemme.net\/es\/portfolio-item\/persianas-enrollables\/\">\n\t\t\t<img loading=\"lazy\" decoding=\"async\" width=\"550\" height=\"550\" src=\"https:\/\/www.giemme.net\/wp-content\/uploads\/2017\/10\/avvolgibili-2-550x550.jpg\" class=\"attachment-ratio_edge_square size-ratio_edge_square wp-post-image\" alt=\"\" srcset=\"https:\/\/www.giemme.net\/wp-content\/uploads\/2017\/10\/avvolgibili-2-550x550.jpg 550w, https:\/\/www.giemme.net\/wp-content\/uploads\/2017\/10\/avvolgibili-2-150x150.jpg 150w, https:\/\/www.giemme.net\/wp-content\/uploads\/2017\/10\/avvolgibili-2-300x300.jpg 300w, https:\/\/www.giemme.net\/wp-content\/uploads\/2017\/10\/avvolgibili-2.jpg 600w\" sizes=\"auto, (max-width: 550px) 100vw, 550px\" \/>\t\t\t<span class=\"edgtf-view-project\">View Project<\/span>\n\t\t\t<span class=\"edgtf-hover-border\"><\/span>\n\t\t<\/a>\n\t<\/div>\n\t<div class=\"edgtf-item-text-holder\">\n\t\t<h4 class=\"edgtf-item-title\">\n\t\t\t<a href=\"https:\/\/www.giemme.net\/es\/portfolio-item\/persianas-enrollables\/\">\n\t\t\t\tPersianas enrollables\t\t\t<\/a>\t\n\t\t<\/h4>\t\n\t\t<h6 class=\"edgtf-ptf-category-holder\"><span>Apag\u00f3n<\/span>, <span>Enrollables<\/span><\/h6>\t<\/div>\n<\/article>\n\n\n<article class=\"edgtf-portfolio-item mix portfolio_category_665 portfolio_category_667\">\n\t<div class = \"edgtf-item-image-holder\">\n\t\t<a href=\"https:\/\/www.giemme.net\/es\/portfolio-item\/persianas\/\">\n\t\t\t<img loading=\"lazy\" decoding=\"async\" width=\"550\" height=\"550\" src=\"https:\/\/www.giemme.net\/wp-content\/uploads\/2017\/10\/Persiane04_900_600-550x550.jpg\" class=\"attachment-ratio_edge_square size-ratio_edge_square wp-post-image\" alt=\"\" srcset=\"https:\/\/www.giemme.net\/wp-content\/uploads\/2017\/10\/Persiane04_900_600-550x550.jpg 550w, https:\/\/www.giemme.net\/wp-content\/uploads\/2017\/10\/Persiane04_900_600-150x150.jpg 150w, https:\/\/www.giemme.net\/wp-content\/uploads\/2017\/10\/Persiane04_900_600-600x600.jpg 600w\" sizes=\"auto, (max-width: 550px) 100vw, 550px\" \/>\t\t\t<span class=\"edgtf-view-project\">View Project<\/span>\n\t\t\t<span class=\"edgtf-hover-border\"><\/span>\n\t\t<\/a>\n\t<\/div>\n\t<div class=\"edgtf-item-text-holder\">\n\t\t<h4 class=\"edgtf-item-title\">\n\t\t\t<a href=\"https:\/\/www.giemme.net\/es\/portfolio-item\/persianas\/\">\n\t\t\t\tPersianas\t\t\t<\/a>\t\n\t\t<\/h4>\t\n\t\t<h6 class=\"edgtf-ptf-category-holder\"><span>Apag\u00f3n<\/span>, <span>Persianas<\/span><\/h6>\t<\/div>\n<\/article>\n\n\n<article class=\"edgtf-portfolio-item mix portfolio_category_665 portfolio_category_666\">\n\t<div class = \"edgtf-item-image-holder\">\n\t\t<a href=\"https:\/\/www.giemme.net\/es\/portfolio-item\/contraventanas\/\">\n\t\t\t<img loading=\"lazy\" decoding=\"async\" width=\"550\" height=\"550\" src=\"https:\/\/www.giemme.net\/wp-content\/uploads\/2017\/10\/Scuri02_900_600-550x550.jpg\" class=\"attachment-ratio_edge_square size-ratio_edge_square wp-post-image\" alt=\"\" srcset=\"https:\/\/www.giemme.net\/wp-content\/uploads\/2017\/10\/Scuri02_900_600-550x550.jpg 550w, https:\/\/www.giemme.net\/wp-content\/uploads\/2017\/10\/Scuri02_900_600-150x150.jpg 150w, https:\/\/www.giemme.net\/wp-content\/uploads\/2017\/10\/Scuri02_900_600-600x600.jpg 600w\" sizes=\"auto, (max-width: 550px) 100vw, 550px\" \/>\t\t\t<span class=\"edgtf-view-project\">View Project<\/span>\n\t\t\t<span class=\"edgtf-hover-border\"><\/span>\n\t\t<\/a>\n\t<\/div>\n\t<div class=\"edgtf-item-text-holder\">\n\t\t<h4 class=\"edgtf-item-title\">\n\t\t\t<a href=\"https:\/\/www.giemme.net\/es\/portfolio-item\/contraventanas\/\">\n\t\t\t\tContraventanas\t\t\t<\/a>\t\n\t\t<\/h4>\t\n\t\t<h6 class=\"edgtf-ptf-category-holder\"><span>Apag\u00f3n<\/span>, <span>Contraventanas<\/span><\/h6>\t<\/div>\n<\/article>\n\n<div class='edgtf-portfolio-gap'><\/div>\n<div class='edgtf-portfolio-gap'><\/div>\n<div class='edgtf-portfolio-gap'><\/div>\n<\/div><\/div>[\/vc_column][\/vc_row]<\/p>\n","protected":false},"excerpt":{"rendered":"<p>[vc_row][vc_column][rev_slider_vc alias=\u00bboscuranti\u00bb][\/vc_column][\/vc_row][vc_row content_width=\u00bbgrid\u00bb content_aligment=\u00bbcenter\u00bb css=\u00bb.vc_custom_1505391751168{padding-top: 104px !important;padding-bottom: 69px !important;}\u00bb][vc_column][vc_column_text] Persianas y contraventanas [\/vc_column_text][vc_empty_space height=\u00bb15px\u00bb][vc_empty_space][\/vc_column][\/vc_row]<\/p>\n","protected":false},"author":1,"featured_media":0,"parent":16605,"menu_order":0,"comment_status":"closed","ping_status":"closed","template":"full-width.php","meta":{"ngg_post_thumbnail":0,"footnotes":""},"class_list":["post-16438","page","type-page","status-publish","hentry"],"yoast_head":"<!-- This site is optimized with the Yoast SEO plugin v27.4 - https:\/\/yoast.com\/product\/yoast-seo-wordpress\/ -->\n<title>Persianas y contraventanas - Giemme | Produzione e Vendita di Finestre, Serramenti, Infissi e Scorrevoli<\/title>\n<meta name=\"description\" content=\"La l\u00ednea de persianas y contraventanas de Giemme incluye no solo Persianas y Contraventanas de Madera, Aluminio y PVC, sino tambi\u00e9n P\u00e9rgolas Bioclim\u00e1ticas y Toldos.\" \/>\n<meta name=\"robots\" content=\"index, follow, max-snippet:-1, max-image-preview:large, max-video-preview:-1\" \/>\n<link rel=\"canonical\" href=\"https:\/\/www.giemme.net\/es\/portfolio\/persianas-y-contraventanas\/\" \/>\n<meta property=\"og:locale\" content=\"es_ES\" \/>\n<meta property=\"og:type\" content=\"article\" \/>\n<meta property=\"og:title\" content=\"Persianas y contraventanas - Giemme | Produzione e Vendita di Finestre, Serramenti, Infissi e Scorrevoli\" \/>\n<meta property=\"og:description\" content=\"La l\u00ednea de persianas y contraventanas de Giemme incluye no solo Persianas y Contraventanas de Madera, Aluminio y PVC, sino tambi\u00e9n P\u00e9rgolas Bioclim\u00e1ticas y Toldos.\" \/>\n<meta property=\"og:url\" content=\"https:\/\/www.giemme.net\/es\/portfolio\/persianas-y-contraventanas\/\" \/>\n<meta property=\"og:site_name\" content=\"Giemme | Produzione e Vendita di Finestre, Serramenti, Infissi e Scorrevoli\" \/>\n<meta property=\"article:modified_time\" content=\"2024-11-13T08:19:11+00:00\" \/>\n<meta name=\"twitter:card\" content=\"summary_large_image\" \/>\n<meta name=\"twitter:label1\" content=\"Tiempo de lectura\" \/>\n\t<meta name=\"twitter:data1\" content=\"1 minuto\" \/>\n<script type=\"application\/ld+json\" class=\"yoast-schema-graph\">{\"@context\":\"https:\\\/\\\/schema.org\",\"@graph\":[{\"@type\":\"WebPage\",\"@id\":\"https:\\\/\\\/www.giemme.net\\\/es\\\/portfolio\\\/persianas-y-contraventanas\\\/\",\"url\":\"https:\\\/\\\/www.giemme.net\\\/es\\\/portfolio\\\/persianas-y-contraventanas\\\/\",\"name\":\"Persianas y contraventanas - Giemme | Produzione e Vendita di Finestre, Serramenti, Infissi e Scorrevoli\",\"isPartOf\":{\"@id\":\"https:\\\/\\\/www.giemme.net\\\/#website\"},\"datePublished\":\"2017-10-02T12:55:47+00:00\",\"dateModified\":\"2024-11-13T08:19:11+00:00\",\"description\":\"La l\u00ednea de persianas y contraventanas de Giemme incluye no solo Persianas y Contraventanas de Madera, Aluminio y PVC, sino tambi\u00e9n P\u00e9rgolas Bioclim\u00e1ticas y Toldos.\",\"breadcrumb\":{\"@id\":\"https:\\\/\\\/www.giemme.net\\\/es\\\/portfolio\\\/persianas-y-contraventanas\\\/#breadcrumb\"},\"inLanguage\":\"es\",\"potentialAction\":[{\"@type\":\"ReadAction\",\"target\":[\"https:\\\/\\\/www.giemme.net\\\/es\\\/portfolio\\\/persianas-y-contraventanas\\\/\"]}]},{\"@type\":\"BreadcrumbList\",\"@id\":\"https:\\\/\\\/www.giemme.net\\\/es\\\/portfolio\\\/persianas-y-contraventanas\\\/#breadcrumb\",\"itemListElement\":[{\"@type\":\"ListItem\",\"position\":1,\"name\":\"Home\",\"item\":\"https:\\\/\\\/www.giemme.net\\\/es\\\/\"},{\"@type\":\"ListItem\",\"position\":2,\"name\":\"Portfolio\",\"item\":\"https:\\\/\\\/www.giemme.net\\\/es\\\/portfolio\\\/\"},{\"@type\":\"ListItem\",\"position\":3,\"name\":\"Persianas y contraventanas\"}]},{\"@type\":\"WebSite\",\"@id\":\"https:\\\/\\\/www.giemme.net\\\/#website\",\"url\":\"https:\\\/\\\/www.giemme.net\\\/\",\"name\":\"Giemme | Produzione e Vendita di Finestre, Serramenti, Infissi e Scorrevoli\",\"description\":\"Finestre Italiane di Design\",\"potentialAction\":[{\"@type\":\"SearchAction\",\"target\":{\"@type\":\"EntryPoint\",\"urlTemplate\":\"https:\\\/\\\/www.giemme.net\\\/?s={search_term_string}\"},\"query-input\":{\"@type\":\"PropertyValueSpecification\",\"valueRequired\":true,\"valueName\":\"search_term_string\"}}],\"inLanguage\":\"es\"}]}<\/script>\n<!-- \/ Yoast SEO plugin. -->","yoast_head_json":{"title":"Persianas y contraventanas - Giemme | Produzione e Vendita di Finestre, Serramenti, Infissi e Scorrevoli","description":"La l\u00ednea de persianas y contraventanas de Giemme incluye no solo Persianas y Contraventanas de Madera, Aluminio y PVC, sino tambi\u00e9n P\u00e9rgolas Bioclim\u00e1ticas y Toldos.","robots":{"index":"index","follow":"follow","max-snippet":"max-snippet:-1","max-image-preview":"max-image-preview:large","max-video-preview":"max-video-preview:-1"},"canonical":"https:\/\/www.giemme.net\/es\/portfolio\/persianas-y-contraventanas\/","og_locale":"es_ES","og_type":"article","og_title":"Persianas y contraventanas - Giemme | Produzione e Vendita di Finestre, Serramenti, Infissi e Scorrevoli","og_description":"La l\u00ednea de persianas y contraventanas de Giemme incluye no solo Persianas y Contraventanas de Madera, Aluminio y PVC, sino tambi\u00e9n P\u00e9rgolas Bioclim\u00e1ticas y Toldos.","og_url":"https:\/\/www.giemme.net\/es\/portfolio\/persianas-y-contraventanas\/","og_site_name":"Giemme | Produzione e Vendita di Finestre, Serramenti, Infissi e Scorrevoli","article_modified_time":"2024-11-13T08:19:11+00:00","twitter_card":"summary_large_image","twitter_misc":{"Tiempo de lectura":"1 minuto"},"schema":{"@context":"https:\/\/schema.org","@graph":[{"@type":"WebPage","@id":"https:\/\/www.giemme.net\/es\/portfolio\/persianas-y-contraventanas\/","url":"https:\/\/www.giemme.net\/es\/portfolio\/persianas-y-contraventanas\/","name":"Persianas y contraventanas - Giemme | Produzione e Vendita di Finestre, Serramenti, Infissi e Scorrevoli","isPartOf":{"@id":"https:\/\/www.giemme.net\/#website"},"datePublished":"2017-10-02T12:55:47+00:00","dateModified":"2024-11-13T08:19:11+00:00","description":"La l\u00ednea de persianas y contraventanas de Giemme incluye no solo Persianas y Contraventanas de Madera, Aluminio y PVC, sino tambi\u00e9n P\u00e9rgolas Bioclim\u00e1ticas y Toldos.","breadcrumb":{"@id":"https:\/\/www.giemme.net\/es\/portfolio\/persianas-y-contraventanas\/#breadcrumb"},"inLanguage":"es","potentialAction":[{"@type":"ReadAction","target":["https:\/\/www.giemme.net\/es\/portfolio\/persianas-y-contraventanas\/"]}]},{"@type":"BreadcrumbList","@id":"https:\/\/www.giemme.net\/es\/portfolio\/persianas-y-contraventanas\/#breadcrumb","itemListElement":[{"@type":"ListItem","position":1,"name":"Home","item":"https:\/\/www.giemme.net\/es\/"},{"@type":"ListItem","position":2,"name":"Portfolio","item":"https:\/\/www.giemme.net\/es\/portfolio\/"},{"@type":"ListItem","position":3,"name":"Persianas y contraventanas"}]},{"@type":"WebSite","@id":"https:\/\/www.giemme.net\/#website","url":"https:\/\/www.giemme.net\/","name":"Giemme | Produzione e Vendita di Finestre, Serramenti, Infissi e Scorrevoli","description":"Finestre Italiane di Design","potentialAction":[{"@type":"SearchAction","target":{"@type":"EntryPoint","urlTemplate":"https:\/\/www.giemme.net\/?s={search_term_string}"},"query-input":{"@type":"PropertyValueSpecification","valueRequired":true,"valueName":"search_term_string"}}],"inLanguage":"es"}]}},"_links":{"self":[{"href":"https:\/\/www.giemme.net\/es\/wp-json\/wp\/v2\/pages\/16438","targetHints":{"allow":["GET"]}}],"collection":[{"href":"https:\/\/www.giemme.net\/es\/wp-json\/wp\/v2\/pages"}],"about":[{"href":"https:\/\/www.giemme.net\/es\/wp-json\/wp\/v2\/types\/page"}],"author":[{"embeddable":true,"href":"https:\/\/www.giemme.net\/es\/wp-json\/wp\/v2\/users\/1"}],"replies":[{"embeddable":true,"href":"https:\/\/www.giemme.net\/es\/wp-json\/wp\/v2\/comments?post=16438"}],"version-history":[{"count":2,"href":"https:\/\/www.giemme.net\/es\/wp-json\/wp\/v2\/pages\/16438\/revisions"}],"predecessor-version":[{"id":16785,"href":"https:\/\/www.giemme.net\/es\/wp-json\/wp\/v2\/pages\/16438\/revisions\/16785"}],"up":[{"embeddable":true,"href":"https:\/\/www.giemme.net\/es\/wp-json\/wp\/v2\/pages\/16605"}],"wp:attachment":[{"href":"https:\/\/www.giemme.net\/es\/wp-json\/wp\/v2\/media?parent=16438"}],"curies":[{"name":"wp","href":"https:\/\/api.w.org\/{rel}","templated":true}]}}