{"id":16293,"date":"2019-02-21T12:18:09","date_gmt":"2019-02-21T11:18:09","guid":{"rendered":"https:\/\/www.giemme.net\/tende-da-sole-ombreggianti\/"},"modified":"2019-02-21T12:18:09","modified_gmt":"2019-02-21T11:18:09","slug":"tende-da-sole-ombreggianti","status":"publish","type":"page","link":"https:\/\/www.giemme.net\/es\/portfolio\/pergolas\/tende-da-sole-ombreggianti\/","title":{"rendered":"Tende da Sole"},"content":{"rendered":"<p>[vc_row row_type=\u00bbparallax\u00bb content_aligment=\u00bbcenter\u00bb full_screen_section_height=\u00bbno\u00bb section_height=\u00bb500&#8243; parallax_background_image=\u00bb10817&#8243;][vc_column][\/vc_column][\/vc_row][vc_row content_width=\u00bbgrid\u00bb css=\u00bb.vc_custom_1506679446012{padding-top: 102px !important;padding-bottom: 71px !important;}\u00bb][vc_column width=\u00bb1\/4&#8243;][vc_column_text]<\/p>\n<h2>TENDE DA SOLE<\/h2>\n<p>[\/vc_column_text]<div class=\"edgtf-separator-holder clearfix  edgtf-separator-left\">\n\t<div class=\"edgtf-separator\" style=\"border-color: #129048;border-style: solid;width: 50px;border-bottom-width: 1px;margin-top: 16px;margin-bottom: 40px\"><\/div>\n<\/div>\n[\/vc_column][vc_column width=\u00bb3\/4&#8243;][vc_column_text]<\/p>\n<p style=\"text-align: left;\">GIEMME propone una collezione di<strong>\u00a0Tende da Sole<\/strong>, \u00a0by <strong>PRATIC, marchio leader nel settore degli ombreggianti.\u00a0<\/strong><\/p>\n<p class=\"p1\"><strong>T-HIDE<\/strong> \u00e8 la tenda con box che pu\u00f2 raggiungere le dimensioni di 700 cm di larghezza e 400 cm di profondit\u00e0. il tessuto e i componenti tecnici sono protetti dal box che, a tenda chiusa, diventa un elemento estetico.<\/p>\n<p><strong>T-CODE<\/strong> \u00e8 una soluzione versatile, grazie alla possibilit\u00e0 di applicazione sia a parete sia a soffitto. Le sue dimensioni possono raggiungere 595 cm di larghezza e 350 cm di profondit\u00e0.[\/vc_column_text][\/vc_column][\/vc_row][vc_row content_width=\u00bbgrid\u00bb][vc_column width=\u00bb1\/4&#8243;][\/vc_column][vc_column width=\u00bb3\/4&#8243;]<div class = \"edgtf-portfolio-list-holder-outer edgtf-ptf-standard edgtf-ptf-three-columns edgtf-ptf-load-more edgtf-ptf-has-filter edgtf-hover-outline\" data-next-page=\"2\" data-type=\"standard\" data-columns=\"3\" data-grid-size=\"three\" data-order-by=\"date\" data-order=\"ASC\" data-number=\"-1\" data-image-size=\"square\" data-filter=\"yes\" data-filter-order-by=\"name\" data-category=\"tende-da-sole\" data-show-load-more=\"yes\" data-title-tag=\"h4\" data-max-num-pages = 0><div class=\"edgtf-portfolio-filter-holder \">\n    <div class=\"edgtf-portfolio-filter-holder-inner\">\n                \n            <\/div>\n<\/div><div class = \"edgtf-portfolio-list-holder clearfix\" >\n<article class=\"edgtf-portfolio-item mix portfolio_category_656 portfolio_category_657\">\n\t<div class = \"edgtf-item-image-holder\">\n\t\t<a href=\"https:\/\/www.giemme.net\/es\/portfolio-item\/toldos-t-hide-t-code\/\">\n\t\t\t<img loading=\"lazy\" decoding=\"async\" width=\"550\" height=\"550\" src=\"https:\/\/www.giemme.net\/wp-content\/uploads\/2018\/03\/T-HIDE-5-550x550.jpg\" class=\"attachment-ratio_edge_square size-ratio_edge_square wp-post-image\" alt=\"\" srcset=\"https:\/\/www.giemme.net\/wp-content\/uploads\/2018\/03\/T-HIDE-5-550x550.jpg 550w, https:\/\/www.giemme.net\/wp-content\/uploads\/2018\/03\/T-HIDE-5-150x150.jpg 150w\" sizes=\"auto, (max-width: 550px) 100vw, 550px\" \/>\t\t\t<span class=\"edgtf-view-project\">View Project<\/span>\n\t\t\t<span class=\"edgtf-hover-border\"><\/span>\n\t\t<\/a>\n\t<\/div>\n\t<div class=\"edgtf-item-text-holder\">\n\t\t<h4 class=\"edgtf-item-title\">\n\t\t\t<a href=\"https:\/\/www.giemme.net\/es\/portfolio-item\/toldos-t-hide-t-code\/\">\n\t\t\t\tToldos &#8211; T-Hide, T-Code\t\t\t<\/a>\t\n\t\t<\/h4>\t\n\t\t<h6 class=\"edgtf-ptf-category-holder\"><span>P\u00e9rgolas<\/span>, <span>Toldos<\/span><\/h6>\t<\/div>\n<\/article>\n\n<div class='edgtf-portfolio-gap'><\/div>\n<div class='edgtf-portfolio-gap'><\/div>\n<div class='edgtf-portfolio-gap'><\/div>\n<\/div><\/div>[\/vc_column][\/vc_row]<\/p>\n","protected":false},"excerpt":{"rendered":"<p>[vc_row row_type=\u00bbparallax\u00bb content_aligment=\u00bbcenter\u00bb full_screen_section_height=\u00bbno\u00bb section_height=\u00bb500&#8243; parallax_background_image=\u00bb10817&#8243;][vc_column][\/vc_column][\/vc_row][vc_row content_width=\u00bbgrid\u00bb css=\u00bb.vc_custom_1506679446012{padding-top: 102px !important;padding-bottom: 71px !important;}\u00bb][vc_column width=\u00bb1\/4&#8243;][vc_column_text] TENDE DA SOLE [\/vc_column_text][\/vc_column][vc_column width=\u00bb3\/4&#8243;][vc_column_text] GIEMME propone una collezione di\u00a0Tende da Sole, \u00a0by PRATIC, marchio leader nel settore degli ombreggianti.\u00a0 T-HIDE \u00e8 la tenda con box che pu\u00f2 raggiungere le dimensioni di&#8230;<\/p>\n","protected":false},"author":1,"featured_media":0,"parent":16336,"menu_order":0,"comment_status":"closed","ping_status":"closed","template":"full-width.php","meta":{"ngg_post_thumbnail":0,"footnotes":""},"class_list":["post-16293","page","type-page","status-publish","hentry"],"yoast_head":"<!-- This site is optimized with the Yoast SEO plugin v27.5 - https:\/\/yoast.com\/product\/yoast-seo-wordpress\/ -->\n<title>Tende da Sole - Giemme | Produzione e Vendita di Finestre, Serramenti, Infissi e Scorrevoli<\/title>\n<meta name=\"robots\" content=\"index, follow, max-snippet:-1, max-image-preview:large, max-video-preview:-1\" \/>\n<link rel=\"canonical\" href=\"https:\/\/www.giemme.net\/es\/tende-da-sole-ombreggianti\/\" \/>\n<meta property=\"og:locale\" content=\"es_ES\" \/>\n<meta property=\"og:type\" content=\"article\" \/>\n<meta property=\"og:title\" content=\"Tende da Sole - Giemme | Produzione e Vendita di Finestre, Serramenti, Infissi e Scorrevoli\" \/>\n<meta property=\"og:description\" content=\"[vc_row row_type=\u00bbparallax\u00bb content_aligment=\u00bbcenter\u00bb full_screen_section_height=\u00bbno\u00bb section_height=\u00bb500&#8243; parallax_background_image=\u00bb10817&#8243;][vc_column][\/vc_column][\/vc_row][vc_row content_width=\u00bbgrid\u00bb css=\u00bb.vc_custom_1506679446012{padding-top: 102px !important;padding-bottom: 71px !important;}\u00bb][vc_column width=\u00bb1\/4&#8243;][vc_column_text] TENDE DA SOLE [\/vc_column_text][\/vc_column][vc_column width=\u00bb3\/4&#8243;][vc_column_text] GIEMME propone una collezione di\u00a0Tende da Sole, \u00a0by PRATIC, marchio leader nel settore degli ombreggianti.\u00a0 T-HIDE \u00e8 la tenda con box che pu\u00f2 raggiungere le dimensioni di...\" \/>\n<meta property=\"og:url\" content=\"https:\/\/www.giemme.net\/es\/tende-da-sole-ombreggianti\/\" \/>\n<meta property=\"og:site_name\" content=\"Giemme | Produzione e Vendita di Finestre, Serramenti, Infissi e Scorrevoli\" \/>\n<meta name=\"twitter:card\" content=\"summary_large_image\" \/>\n<meta name=\"twitter:label1\" content=\"Tiempo de lectura\" \/>\n\t<meta name=\"twitter:data1\" content=\"1 minuto\" \/>\n<script type=\"application\/ld+json\" class=\"yoast-schema-graph\">{\"@context\":\"https:\\\/\\\/schema.org\",\"@graph\":[{\"@type\":\"WebPage\",\"@id\":\"https:\\\/\\\/www.giemme.net\\\/es\\\/tende-da-sole-ombreggianti\\\/\",\"url\":\"https:\\\/\\\/www.giemme.net\\\/es\\\/tende-da-sole-ombreggianti\\\/\",\"name\":\"Tende da Sole - Giemme | Produzione e Vendita di Finestre, Serramenti, Infissi e Scorrevoli\",\"isPartOf\":{\"@id\":\"https:\\\/\\\/www.giemme.net\\\/#website\"},\"datePublished\":\"2019-02-21T11:18:09+00:00\",\"breadcrumb\":{\"@id\":\"https:\\\/\\\/www.giemme.net\\\/es\\\/tende-da-sole-ombreggianti\\\/#breadcrumb\"},\"inLanguage\":\"es\",\"potentialAction\":[{\"@type\":\"ReadAction\",\"target\":[\"https:\\\/\\\/www.giemme.net\\\/es\\\/tende-da-sole-ombreggianti\\\/\"]}]},{\"@type\":\"BreadcrumbList\",\"@id\":\"https:\\\/\\\/www.giemme.net\\\/es\\\/tende-da-sole-ombreggianti\\\/#breadcrumb\",\"itemListElement\":[{\"@type\":\"ListItem\",\"position\":1,\"name\":\"Home\",\"item\":\"https:\\\/\\\/www.giemme.net\\\/es\\\/\"},{\"@type\":\"ListItem\",\"position\":2,\"name\":\"Tende da Sole\"}]},{\"@type\":\"WebSite\",\"@id\":\"https:\\\/\\\/www.giemme.net\\\/#website\",\"url\":\"https:\\\/\\\/www.giemme.net\\\/\",\"name\":\"Giemme | Produzione e Vendita di Finestre, Serramenti, Infissi e Scorrevoli\",\"description\":\"Finestre Italiane di Design\",\"potentialAction\":[{\"@type\":\"SearchAction\",\"target\":{\"@type\":\"EntryPoint\",\"urlTemplate\":\"https:\\\/\\\/www.giemme.net\\\/?s={search_term_string}\"},\"query-input\":{\"@type\":\"PropertyValueSpecification\",\"valueRequired\":true,\"valueName\":\"search_term_string\"}}],\"inLanguage\":\"es\"}]}<\/script>\n<!-- \/ Yoast SEO plugin. -->","yoast_head_json":{"title":"Tende da Sole - Giemme | Produzione e Vendita di Finestre, Serramenti, Infissi e Scorrevoli","robots":{"index":"index","follow":"follow","max-snippet":"max-snippet:-1","max-image-preview":"max-image-preview:large","max-video-preview":"max-video-preview:-1"},"canonical":"https:\/\/www.giemme.net\/es\/tende-da-sole-ombreggianti\/","og_locale":"es_ES","og_type":"article","og_title":"Tende da Sole - Giemme | Produzione e Vendita di Finestre, Serramenti, Infissi e Scorrevoli","og_description":"[vc_row row_type=\u00bbparallax\u00bb content_aligment=\u00bbcenter\u00bb full_screen_section_height=\u00bbno\u00bb section_height=\u00bb500&#8243; parallax_background_image=\u00bb10817&#8243;][vc_column][\/vc_column][\/vc_row][vc_row content_width=\u00bbgrid\u00bb css=\u00bb.vc_custom_1506679446012{padding-top: 102px !important;padding-bottom: 71px !important;}\u00bb][vc_column width=\u00bb1\/4&#8243;][vc_column_text] TENDE DA SOLE [\/vc_column_text][\/vc_column][vc_column width=\u00bb3\/4&#8243;][vc_column_text] GIEMME propone una collezione di\u00a0Tende da Sole, \u00a0by PRATIC, marchio leader nel settore degli ombreggianti.\u00a0 T-HIDE \u00e8 la tenda con box che pu\u00f2 raggiungere le dimensioni di...","og_url":"https:\/\/www.giemme.net\/es\/tende-da-sole-ombreggianti\/","og_site_name":"Giemme | Produzione e Vendita di Finestre, Serramenti, Infissi e Scorrevoli","twitter_card":"summary_large_image","twitter_misc":{"Tiempo de lectura":"1 minuto"},"schema":{"@context":"https:\/\/schema.org","@graph":[{"@type":"WebPage","@id":"https:\/\/www.giemme.net\/es\/tende-da-sole-ombreggianti\/","url":"https:\/\/www.giemme.net\/es\/tende-da-sole-ombreggianti\/","name":"Tende da Sole - Giemme | Produzione e Vendita di Finestre, Serramenti, Infissi e Scorrevoli","isPartOf":{"@id":"https:\/\/www.giemme.net\/#website"},"datePublished":"2019-02-21T11:18:09+00:00","breadcrumb":{"@id":"https:\/\/www.giemme.net\/es\/tende-da-sole-ombreggianti\/#breadcrumb"},"inLanguage":"es","potentialAction":[{"@type":"ReadAction","target":["https:\/\/www.giemme.net\/es\/tende-da-sole-ombreggianti\/"]}]},{"@type":"BreadcrumbList","@id":"https:\/\/www.giemme.net\/es\/tende-da-sole-ombreggianti\/#breadcrumb","itemListElement":[{"@type":"ListItem","position":1,"name":"Home","item":"https:\/\/www.giemme.net\/es\/"},{"@type":"ListItem","position":2,"name":"Tende da Sole"}]},{"@type":"WebSite","@id":"https:\/\/www.giemme.net\/#website","url":"https:\/\/www.giemme.net\/","name":"Giemme | Produzione e Vendita di Finestre, Serramenti, Infissi e Scorrevoli","description":"Finestre Italiane di Design","potentialAction":[{"@type":"SearchAction","target":{"@type":"EntryPoint","urlTemplate":"https:\/\/www.giemme.net\/?s={search_term_string}"},"query-input":{"@type":"PropertyValueSpecification","valueRequired":true,"valueName":"search_term_string"}}],"inLanguage":"es"}]}},"_links":{"self":[{"href":"https:\/\/www.giemme.net\/es\/wp-json\/wp\/v2\/pages\/16293","targetHints":{"allow":["GET"]}}],"collection":[{"href":"https:\/\/www.giemme.net\/es\/wp-json\/wp\/v2\/pages"}],"about":[{"href":"https:\/\/www.giemme.net\/es\/wp-json\/wp\/v2\/types\/page"}],"author":[{"embeddable":true,"href":"https:\/\/www.giemme.net\/es\/wp-json\/wp\/v2\/users\/1"}],"replies":[{"embeddable":true,"href":"https:\/\/www.giemme.net\/es\/wp-json\/wp\/v2\/comments?post=16293"}],"version-history":[{"count":0,"href":"https:\/\/www.giemme.net\/es\/wp-json\/wp\/v2\/pages\/16293\/revisions"}],"up":[{"embeddable":true,"href":"https:\/\/www.giemme.net\/es\/wp-json\/wp\/v2\/pages\/16336"}],"wp:attachment":[{"href":"https:\/\/www.giemme.net\/es\/wp-json\/wp\/v2\/media?parent=16293"}],"curies":[{"name":"wp","href":"https:\/\/api.w.org\/{rel}","templated":true}]}}